{"version":"1.0","provider_name":"pfnphoto.com \u2013  Johannes Heuckeroth \u2013 Architectural Photography \/ Architekturfotografie","provider_url":"https:\/\/pfnphoto.com\/new","author_name":"pfnphoto","author_url":"https:\/\/pfnphoto.com\/new\/author\/salbadus\/","title":"K\u00f6nigswinkel Allg\u00e4u - pfnphoto.com \u2013 Johannes Heuckeroth \u2013 Architectural Photography \/ Architekturfotografie","type":"rich","width":600,"height":338,"html":"<blockquote class=\"wp-embedded-content\" data-secret=\"yMctGgnyE6\"><a href=\"https:\/\/pfnphoto.com\/new\/2016\/05\/koenigswinkel-allgaeu\/\">K\u00f6nigswinkel Allg\u00e4u<\/a><\/blockquote><iframe sandbox=\"allow-scripts\" security=\"restricted\" src=\"https:\/\/pfnphoto.com\/new\/2016\/05\/koenigswinkel-allgaeu\/embed\/#?secret=yMctGgnyE6\" width=\"600\" height=\"338\" title=\"&#8222;K\u00f6nigswinkel Allg\u00e4u&#8220; &#8211; pfnphoto.com \u2013  Johannes Heuckeroth \u2013 Architectural Photography \/ Architekturfotografie\" data-secret=\"yMctGgnyE6\" frameborder=\"0\" marginwidth=\"0\" marginheight=\"0\" scrolling=\"no\" class=\"wp-embedded-content\"><\/iframe><script type=\"text\/javascript\">\n\/* <![CDATA[ *\/\n\/*! This file is auto-generated *\/\n!function(d,l){\"use strict\";l.querySelector&&d.addEventListener&&\"undefined\"!=typeof URL&&(d.wp=d.wp||{},d.wp.receiveEmbedMessage||(d.wp.receiveEmbedMessage=function(e){var t=e.data;if((t||t.secret||t.message||t.value)&&!\/[^a-zA-Z0-9]\/.test(t.secret)){for(var s,r,n,a=l.querySelectorAll('iframe[data-secret=\"'+t.secret+'\"]'),o=l.querySelectorAll('blockquote[data-secret=\"'+t.secret+'\"]'),c=new RegExp(\"^https?:$\",\"i\"),i=0;i<o.length;i++)o[i].style.display=\"none\";for(i=0;i<a.length;i++)s=a[i],e.source===s.contentWindow&&(s.removeAttribute(\"style\"),\"height\"===t.message?(1e3<(r=parseInt(t.value,10))?r=1e3:~~r<200&&(r=200),s.height=r):\"link\"===t.message&&(r=new URL(s.getAttribute(\"src\")),n=new URL(t.value),c.test(n.protocol))&&n.host===r.host&&l.activeElement===s&&(d.top.location.href=t.value))}},d.addEventListener(\"message\",d.wp.receiveEmbedMessage,!1),l.addEventListener(\"DOMContentLoaded\",function(){for(var e,t,s=l.querySelectorAll(\"iframe.wp-embedded-content\"),r=0;r<s.length;r++)(t=(e=s[r]).getAttribute(\"data-secret\"))||(t=Math.random().toString(36).substring(2,12),e.src+=\"#?secret=\"+t,e.setAttribute(\"data-secret\",t)),e.contentWindow.postMessage({message:\"ready\",secret:t},\"*\")},!1)))}(window,document);\n\/\/# sourceURL=https:\/\/pfnphoto.com\/new\/wp-includes\/js\/wp-embed.min.js\n\/* ]]> *\/\n<\/script>\n","description":"Der K\u00f6nigswinkel im Allg\u00e4u von oben mit Blick auf Hopfensee, Forggensee, Wei\u00dfensee und die Autobahn A7 die von Kempten nach F\u00fcssen f\u00fchrt. Im Hintergrund die Allg\u00e4uer Alpen und die Ammergauer Alpen mit Blick bis nach \u00d6sterreich. Das Voralpenland in seiner &hellip; Weiterlesen &rarr;","thumbnail_url":"http:\/\/pfnphoto.com\/new\/wp-content\/gallery\/archives\/20150604_allgaeu-aerial_0435-pano.jpg"}